{"id":6784,"date":"2024-04-05T11:46:35","date_gmt":"2024-04-05T09:46:35","guid":{"rendered":"https:\/\/www.groupeprofessionsante.fr\/groupe-profession-sante-charter\/"},"modified":"2025-01-24T11:34:54","modified_gmt":"2025-01-24T10:34:54","slug":"groupe-profession-sante-charter","status":"publish","type":"page","link":"https:\/\/www.groupeprofessionsante.fr\/en\/groupe-profession-sante-charter\/","title":{"rendered":"Groupe Profession Sant\u00e9 charter"},"content":{"rendered":"<p>[et_pb_section fb_built=&#8221;1&#8243; next_background_color=&#8221;#ffffff&#8221; _builder_version=&#8221;4.18.0&#8243; _module_preset=&#8221;default&#8221; background_color=&#8221;#3F3F3F&#8221; use_background_color_gradient=&#8221;on&#8221; background_color_gradient_direction=&#8221;312deg&#8221; background_color_gradient_stops=&#8221;#000000 0%|#3f3f3f 100%&#8221; custom_margin=&#8221;0px||0px||true|false&#8221; custom_padding=&#8221;60px||45px||false|false&#8221; bottom_divider_style=&#8221;asymmetric&#8221; bottom_divider_height=&#8221;75px&#8221; locked=&#8221;off&#8221; global_colors_info=&#8221;{}&#8221;][et_pb_row column_structure=&#8221;1_2,1_2&#8243; _builder_version=&#8221;4.18.0&#8243; _module_preset=&#8221;default&#8221; custom_padding=&#8221;40px||39px|||&#8221; global_colors_info=&#8221;{}&#8221;][et_pb_column type=&#8221;1_2&#8243; _builder_version=&#8221;4.18.0&#8243; _module_preset=&#8221;default&#8221; global_colors_info=&#8221;{}&#8221;][et_pb_text admin_label=&#8221;Texte&#8221; _builder_version=&#8221;4.22.2&#8243; _module_preset=&#8221;default&#8221; text_text_color=&#8221;#FFFFFF&#8221; link_text_color=&#8221;#E5E5E5&#8243; link_font_size=&#8221;13px&#8221; header_font=&#8221;|||on|||||&#8221; header_text_color=&#8221;#FFFFFF&#8221; header_font_size=&#8221;65px&#8221; custom_margin=&#8221;||4px|||&#8221; hover_enabled=&#8221;0&#8243; header_font_size_tablet=&#8221;44px&#8221; header_font_size_phone=&#8221;34px&#8221; header_font_size_last_edited=&#8221;on|phone&#8221; global_colors_info=&#8221;{}&#8221; custom_padding=&#8221;0px|||||&#8221; sticky_enabled=&#8221;0&#8243;]<\/p>\n<p><b><span data-contrast=\"none\">Environmental charter for Groupe Profession Sant\u00e9 media<\/span><\/b><span data-ccp-props=\"{\" 201341983=\"\" :0=\"\" 335551550=\"\" :2=\"\" 335551620=\"\" 335559739=\"\" 335559740=\"\" :240=\"\"><\/span><\/p>\n<p>&nbsp;<\/p>\n<p>[\/et_pb_text][et_pb_text _builder_version=&#8221;4.18.0&#8243; _module_preset=&#8221;default&#8221; text_text_color=&#8221;#FFFFFF&#8221; text_font_size=&#8221;13px&#8221; link_text_color=&#8221;#E5E5E5&#8243; link_font_size=&#8221;13px&#8221; custom_margin=&#8221;7px|||||&#8221; locked=&#8221;off&#8221; global_colors_info=&#8221;{}&#8221;]<\/p>\n<span><span><a href=\"https:\/\/www.groupeprofessionsante.fr\/en\/\">Accueil<\/a><\/span>\n<p>[\/et_pb_text][\/et_pb_column][et_pb_column type=&#8221;1_2&#8243; _builder_version=&#8221;4.18.0&#8243; _module_preset=&#8221;default&#8221; global_colors_info=&#8221;{}&#8221;][\/et_pb_column][\/et_pb_row][\/et_pb_section][et_pb_section fb_built=&#8221;1&#8243; _builder_version=&#8221;4.22.2&#8243; _module_preset=&#8221;default&#8221; global_colors_info=&#8221;{}&#8221;][et_pb_row _builder_version=&#8221;4.22.2&#8243; _module_preset=&#8221;default&#8221; global_colors_info=&#8221;{}&#8221;][et_pb_column type=&#8221;4_4&#8243; _builder_version=&#8221;4.22.2&#8243; _module_preset=&#8221;default&#8221; global_colors_info=&#8221;{}&#8221;][et_pb_image src=&#8221;https:\/\/www.groupeprofessionsante.fr\/wp-content\/uploads\/2024\/04\/hannah-busing-Zyx1bK9mqmA-unsplash-scaled.jpg&#8221; title_text=&#8221;hannah-busing-Zyx1bK9mqmA-unsplash&#8221; align=&#8221;center&#8221; _builder_version=&#8221;4.22.2&#8243; _module_preset=&#8221;default&#8221; width=&#8221;55%&#8221; global_colors_info=&#8221;{}&#8221;][\/et_pb_image][\/et_pb_column][\/et_pb_row][\/et_pb_section][et_pb_section fb_built=&#8221;1&#8243; _builder_version=&#8221;4.18.0&#8243; _module_preset=&#8221;default&#8221; custom_padding=&#8221;31px||25px|||&#8221; global_colors_info=&#8221;{}&#8221;][et_pb_row _builder_version=&#8221;4.17.1&#8243; _module_preset=&#8221;default&#8221; custom_margin=&#8221;|auto|-6px|auto||&#8221; custom_padding=&#8221;19px||8px|||&#8221; locked=&#8221;off&#8221; global_colors_info=&#8221;{}&#8221;][et_pb_column type=&#8221;4_4&#8243; _builder_version=&#8221;4.17.1&#8243; _module_preset=&#8221;default&#8221; global_colors_info=&#8221;{}&#8221;][et_pb_text _builder_version=&#8221;4.22.2&#8243; _module_preset=&#8221;default&#8221; text_font=&#8221;|300|||||||&#8221; text_text_color=&#8221;#000000&#8243; text_line_height=&#8221;1.8em&#8221; text_orientation=&#8221;center&#8221; max_width=&#8221;93%&#8221; max_width_tablet=&#8221;100%&#8221; max_width_phone=&#8221;100%&#8221; max_width_last_edited=&#8221;on|tablet&#8221; module_alignment=&#8221;center&#8221; custom_margin=&#8221;-5px|-188px||||&#8221; custom_padding=&#8221;0px|||||&#8221; hover_enabled=&#8221;0&#8243; global_colors_info=&#8221;{}&#8221; sticky_enabled=&#8221;0&#8243;]<\/p>\n<p><b><span data-contrast=\"auto\">Preamble :<\/span><\/b><span data-ccp-props=\"{\" 201341983=\"\" :0=\"\" 335559739=\"\" 335559740=\"\" :240=\"\"> <\/span><\/p>\n<p><span data-contrast=\"auto\">The human origins and deleterious consequences of climate change for present and future generations have now been scientifically demonstrated. The media have the capacity to work concretely towards a controlled evolution of this degradation by providing their audiences with information on the scientific findings, the urgent nature of the environmental challenges and their health and social corollaries, and the means to counter the escalation of this crisis. <\/span><span data-ccp-props=\"{\" 201341983=\"\" :0=\"\" 335559739=\"\" 335559740=\"\" :240=\"\"> <\/span><\/p>\n<p><span data-contrast=\"auto\">Groupe Profession Sant\u00e9&#8217;s editorial teams are aware of the seriousness of these climatic and environmental challenges, and are keen to get involved. They are in a position to tackle the subject from the specific angle of health, and to raise awareness among the health ecosystem, which is massively represented in their audiences. <\/span><span data-ccp-props=\"{\" 201341983=\"\" :0=\"\" 335559739=\"\" 335559740=\"\" :240=\"\"> <\/span><\/p>\n<p><span data-ccp-props=\"{\" 201341983=\"\" :0=\"\" 335559739=\"\" 335559740=\"\" :240=\"\"> <\/span><\/p>\n<p><b><span data-contrast=\"auto\">Articles :<\/span><\/b><span data-ccp-props=\"{\" 201341983=\"\" :0=\"\" 335559739=\"\" 335559740=\"\" :240=\"\"> <\/span><\/p>\n<p><b><span data-contrast=\"auto\">1 &#8211; Vigilance and transparency<\/span><\/b><span data-ccp-props=\"{\" 201341983=\"\" :0=\"\" 335559685=\"\" 335559739=\"\" 335559740=\"\" :240=\"\"> <\/span><\/p>\n<p><span data-contrast=\"auto\">On a daily basis, Groupe Profession Sant\u00e9 journalists provide independent, objective and verified information, detecting and denouncing fake news. In keeping with this ethic, they are particularly vigilant in dealing with environmental issues. Our editorial teams are also keen to decipher and report situations of &#8220;greenwashing&#8221;. <\/span><span data-ccp-props=\"{\" 201341983=\"\" :0=\"\" 335559685=\"\" 335559739=\"\" 335559740=\"\" :240=\"\"> <\/span><\/p>\n<p><span data-ccp-props=\"{\" 201341983=\"\" :0=\"\" 335559685=\"\" 335559739=\"\" 335559740=\"\" :240=\"\"> <\/span><\/p>\n<p><b><span data-contrast=\"auto\">2 &#8211; Confidence in the teachings of science<\/span><\/b><span data-ccp-props=\"{\" 201341983=\"\" :0=\"\" 335559685=\"\" 335559739=\"\" 335559740=\"\" :240=\"\"> <\/span><\/p>\n<p><span data-contrast=\"auto\">The editors of Groupe Profession Sant\u00e9 media recognize the value of scientific discoveries validated by third parties in leading scientific journals. In particular, they acknowledge the expertise of the Intergovernmental Panel on Climate Change (IPCC) on climate and the environment.<\/span><span data-ccp-props=\"{\" 201341983=\"\" :0=\"\" 335559685=\"\" 335559739=\"\" 335559740=\"\" :240=\"\"> <\/span><\/p>\n<p><span data-ccp-props=\"{\" 201341983=\"\" :0=\"\" 335559739=\"\" 335559740=\"\" :240=\"\"> <\/span><\/p>\n<p><b><span data-contrast=\"auto\">3 &#8211; Cross-disciplinary, ongoing consideration of the impact of the environment on health and of health on the environment<\/span><\/b><span data-ccp-props=\"{\" 201341983=\"\" :0=\"\" 335559685=\"\" 335559739=\"\" 335559740=\"\" :240=\"\"> <\/span><\/p>\n<p><span data-contrast=\"auto\">The editorial teams of Groupe Profession Sant\u00e9 media are committed to raising health and environmental issues in a cross-disciplinary manner: environmental and climate issues are not treated in isolation from current affairs. Regardless of the section in which they are published, articles will, where appropriate, mention the consequences for the environment and climate. <\/span><span data-ccp-props=\"{\" 201341983=\"\" :0=\"\" 335559685=\"\" 335559739=\"\" 335559740=\"\" :240=\"\"> <\/span><\/p>\n<p><span data-ccp-props=\"{\" 201341983=\"\" :0=\"\" 335559739=\"\" 335559740=\"\" :240=\"\"> <\/span><\/p>\n<p><b><span data-contrast=\"auto\">4 &#8211; Teaching and informing readers about best practices<\/span><\/b><span data-ccp-props=\"{\" 201341983=\"\" :0=\"\" 335559685=\"\" 335559739=\"\" 335559740=\"\" :240=\"\"> <\/span><\/p>\n<p><span data-contrast=\"auto\">The editorial teams of Groupe Profession Sant\u00e9 media are committed to providing informed explanations of environmental issues, with a view to educating their readers about good environmental practices, particularly in the healthcare professions.<\/span><span data-ccp-props=\"{\" 201341983=\"\" :0=\"\" 335559739=\"\" 335559740=\"\" :240=\"\"> <\/span><\/p>\n<p><span data-ccp-props=\"{\" 201341983=\"\" :0=\"\" 335559739=\"\" 335559740=\"\" :240=\"\"> <\/span><\/p>\n<p><b><span data-contrast=\"auto\">5 &#8211; Lexical and illustrative choices consistent with the climate emergency<\/span><\/b><span data-ccp-props=\"{\" 201341983=\"\" :0=\"\" 335559685=\"\" 335559739=\"\" 335559740=\"\" :240=\"\"> <\/span><\/p>\n<p><span data-contrast=\"auto\">The editorial teams of Groupe Profession Sant\u00e9 media choose words and images that are coherent and proportionate with regard to environmental and climate issues, so as not to minimize or trivialize these themes.<\/span><span data-ccp-props=\"{\" 201341983=\"\" :0=\"\" 335559685=\"\" 335559739=\"\" 335559740=\"\" :240=\"\"> <\/span><\/p>\n<p><span data-ccp-props=\"{\" 201341983=\"\" :0=\"\" 335559739=\"\" 335559740=\"\" :240=\"\"> <\/span><\/p>\n<p><b><span data-contrast=\"auto\">6 &#8211; Training journalists<\/span><\/b><span data-ccp-props=\"{\" 201341983=\"\" :0=\"\" 335559685=\"\" 335559739=\"\" 335559740=\"\" :240=\"\"> <\/span><\/p>\n<p><span data-contrast=\"auto\">Groupe Profession Sant\u00e9 is committed to giving its journalists privileged access to training on environmental issues, enabling them to make low-carbon choices in the practice of their profession and to write informed articles on the issues involved. <\/span><span data-ccp-props=\"{\" 201341983=\"\" :0=\"\" 335559685=\"\" 335559739=\"\" 335559740=\"\" :240=\"\"> <\/span><\/p>\n<p><span data-ccp-props=\"{\" 201341983=\"\" :0=\"\" 335559739=\"\" 335559740=\"\" :240=\"\"> <\/span><\/p>\n<p><b><span data-contrast=\"auto\">7 &#8211; Business travel<\/span><\/b><span data-ccp-props=\"{\" 201341983=\"\" :0=\"\" 335559685=\"\" 335559739=\"\" 335559740=\"\" :240=\"\"> <\/span><\/p>\n<p><span data-contrast=\"auto\">Employees of Groupe Profession Sant\u00e9 companies undertake to use low-carbon means of transport whenever possible for their business travel, and in particular to avoid flying when a journey can be made by train within a timeframe compatible with the exercise of their profession.<\/span><span data-ccp-props=\"{\" 201341983=\"\" :0=\"\" 335559685=\"\" 335559739=\"\" 335559740=\"\" :240=\"\"> <\/span><\/p>\n<p><span data-ccp-props=\"{\" 201341983=\"\" :0=\"\" 335559739=\"\" 335559740=\"\" :240=\"\"> <\/span><\/p>\n<p><b><span data-contrast=\"auto\">8 &#8211; Advertising<\/span><\/b><span data-ccp-props=\"{\" 201341983=\"\" :0=\"\" 335559685=\"\" 335559739=\"\" 335559740=\"\" :240=\"\"> <\/span><\/p>\n<p><span data-contrast=\"auto\">Groupe Profession Sant\u00e9 refrains from accepting advertising funding from activities it deems particularly polluting or harmful, nor does it broadcast advertising campaigns whose message is contrary to the spirit of the present charter.<\/span><span data-ccp-props=\"{\" 201341983=\"\" :0=\"\" 335559739=\"\" 335559740=\"\" :240=\"\"> <\/span><\/p>\n<p><span data-ccp-props=\"{\" 201341983=\"\" :0=\"\" 335559739=\"\" 335559740=\"\" :240=\"\"> <\/span><\/p>\n<p><b><span data-contrast=\"auto\">9 &#8211; Sustainable production<\/span><\/b><span data-ccp-props=\"{\" 201341983=\"\" :0=\"\" 335559739=\"\" 335559740=\"\" :240=\"\"> <\/span><\/p>\n<p><span data-contrast=\"auto\">As a publisher of press titles, Groupe Profession Sant\u00e9 pays particular attention to the choice of materials used in the production of its newspapers (100% of its paper comes from sustainably managed forests, polyethylene film is replaced by more ecological alternatives, such as home compost and Publikraft) and gives preference to recycled paper. The Profession Sant\u00e9 Group is committed to working with suppliers who share its commitment: attentive to energy sobriety, recycling of waste, reduction of rejects, reuse of production heat from machines and use of vegetable and white inks. Groupe Profession Sant\u00e9 chooses local printers and optimizes its supply chain to minimize transport distances. <\/span><span data-ccp-props=\"{\" 201341983=\"\" :0=\"\" 335559739=\"\" :160=\"\" 335559740=\"\" :259=\"\"> <\/span><\/p>\n<p><span data-ccp-props=\"{\" 201341983=\"\" :0=\"\" 335559739=\"\" 335559740=\"\" :240=\"\"> <\/span><\/p>\n<p><b><span data-contrast=\"auto\">10 &#8211; Company carbon footprint<\/span><\/b><span data-ccp-props=\"{\" 201341983=\"\" :0=\"\" 335559685=\"\" 335559739=\"\" 335559740=\"\" :240=\"\"> <\/span><\/p>\n<p><span data-contrast=\"auto\">Groupe Profession Sant\u00e9 is committed to regularly assessing its carbon footprint and implementing actions to continuously reduce its greenhouse gas emissions.<\/span><span data-ccp-props=\"{\" 201341983=\"\" :0=\"\" 335559739=\"\" 335559740=\"\" :240=\"\"> <\/span><span data-ccp-props=\"{\" 201341983=\"\" :0=\"\" 335559739=\"\" :160=\"\" 335559740=\"\" :259=\"\"> <\/span><\/p>\n<p><span data-ccp-props=\"{\" 201341983=\"\" :0=\"\" 335559739=\"\" :160=\"\" 335559740=\"\" :259=\"\"><\/span><\/p>\n<p>&nbsp;<\/p>\n<p>[\/et_pb_text][\/et_pb_column][\/et_pb_row][\/et_pb_section]<\/p>\n","protected":false},"excerpt":{"rendered":"<p>Environmental charter for Groupe Profession Sant\u00e9 media &nbsp;<span><span><a href=\"https:\/\/www.groupeprofessionsante.fr\/en\/\">Accueil<\/a><\/span>Preamble : The human origins and deleterious consequences of climate change for present and future generations have now been scientifically demonstrated. The media have the capacity to work concretely towards a controlled evolution of this degradation by providing their audiences with information on the scientific findings, the urgent [&hellip;]<\/p>\n","protected":false},"author":11,"featured_media":0,"parent":0,"menu_order":0,"comment_status":"closed","ping_status":"closed","template":"","meta":{"_et_pb_use_builder":"on","_et_pb_old_content":"","_et_gb_content_width":""},"acf":[],"yoast_head":"<!-- This site is optimized with the Yoast SEO plugin v19.11 - https:\/\/yoast.com\/wordpress\/plugins\/seo\/ -->\n<title>Groupe Profession Sant\u00e9 charter - Groupe Profession Sant\u00e9<\/title>\n<meta name=\"robots\" content=\"index, follow, max-snippet:-1, max-image-preview:large, max-video-preview:-1\" \/>\n<link rel=\"canonical\" href=\"https:\/\/www.groupeprofessionsante.fr\/en\/groupe-profession-sante-charter\/\" \/>\n<meta property=\"og:locale\" content=\"en_US\" \/>\n<meta property=\"og:type\" content=\"article\" \/>\n<meta property=\"og:title\" content=\"Groupe Profession Sant\u00e9 charter - Groupe Profession Sant\u00e9\" \/>\n<meta property=\"og:description\" content=\"Environmental charter for Groupe Profession Sant\u00e9 media &nbsp;Preamble : The human origins and deleterious consequences of climate change for present and future generations have now been scientifically demonstrated. The media have the capacity to work concretely towards a controlled evolution of this degradation by providing their audiences with information on the scientific findings, the urgent [&hellip;]\" \/>\n<meta property=\"og:url\" content=\"https:\/\/www.groupeprofessionsante.fr\/en\/groupe-profession-sante-charter\/\" \/>\n<meta property=\"og:site_name\" content=\"Groupe Profession Sant\u00e9\" \/>\n<meta property=\"article:modified_time\" content=\"2025-01-24T10:34:54+00:00\" \/>\n<meta name=\"twitter:card\" content=\"summary_large_image\" \/>\n<meta name=\"twitter:site\" content=\"@gpsante\" \/>\n<meta name=\"twitter:label1\" content=\"Est. reading time\" \/>\n\t<meta name=\"twitter:data1\" content=\"4 minutes\" \/>\n<script type=\"application\/ld+json\" class=\"yoast-schema-graph\">{\"@context\":\"https:\/\/schema.org\",\"@graph\":[{\"@type\":\"WebPage\",\"@id\":\"https:\/\/www.groupeprofessionsante.fr\/en\/groupe-profession-sante-charter\/\",\"url\":\"https:\/\/www.groupeprofessionsante.fr\/en\/groupe-profession-sante-charter\/\",\"name\":\"Groupe Profession Sant\u00e9 charter - Groupe Profession Sant\u00e9\",\"isPartOf\":{\"@id\":\"https:\/\/www.groupeprofessionsante.fr\/en\/#website\"},\"datePublished\":\"2024-04-05T09:46:35+00:00\",\"dateModified\":\"2025-01-24T10:34:54+00:00\",\"breadcrumb\":{\"@id\":\"https:\/\/www.groupeprofessionsante.fr\/en\/groupe-profession-sante-charter\/#breadcrumb\"},\"inLanguage\":\"en-US\",\"potentialAction\":[{\"@type\":\"ReadAction\",\"target\":[\"https:\/\/www.groupeprofessionsante.fr\/en\/groupe-profession-sante-charter\/\"]}]},{\"@type\":\"BreadcrumbList\",\"@id\":\"https:\/\/www.groupeprofessionsante.fr\/en\/groupe-profession-sante-charter\/#breadcrumb\",\"itemListElement\":[{\"@type\":\"ListItem\",\"position\":1,\"name\":\"Accueil\",\"item\":\"https:\/\/www.groupeprofessionsante.fr\/en\/\"},{\"@type\":\"ListItem\",\"position\":2,\"name\":\"Groupe Profession Sant\u00e9 charter\"}]},{\"@type\":\"WebSite\",\"@id\":\"https:\/\/www.groupeprofessionsante.fr\/en\/#website\",\"url\":\"https:\/\/www.groupeprofessionsante.fr\/en\/\",\"name\":\"Groupe Profession Sant\u00e9\",\"description\":\"1er groupe M\u00e9dias et Services pour la sant\u00e9\",\"publisher\":{\"@id\":\"https:\/\/www.groupeprofessionsante.fr\/en\/#organization\"},\"alternateName\":\"1er Groupe m\u00e9dias et services pour les professionnels de sant\u00e9\",\"potentialAction\":[{\"@type\":\"SearchAction\",\"target\":{\"@type\":\"EntryPoint\",\"urlTemplate\":\"https:\/\/www.groupeprofessionsante.fr\/en\/?s={search_term_string}\"},\"query-input\":\"required name=search_term_string\"}],\"inLanguage\":\"en-US\"},{\"@type\":\"Organization\",\"@id\":\"https:\/\/www.groupeprofessionsante.fr\/en\/#organization\",\"name\":\"Groupe Profession Sant\u00e9\",\"url\":\"https:\/\/www.groupeprofessionsante.fr\/en\/\",\"logo\":{\"@type\":\"ImageObject\",\"inLanguage\":\"en-US\",\"@id\":\"https:\/\/www.groupeprofessionsante.fr\/en\/#\/schema\/logo\/image\/\",\"url\":\"https:\/\/www.groupeprofessionsante.fr\/wp-content\/uploads\/2022\/05\/logo-GPS.svg\",\"contentUrl\":\"https:\/\/www.groupeprofessionsante.fr\/wp-content\/uploads\/2022\/05\/logo-GPS.svg\",\"width\":208,\"height\":179,\"caption\":\"Groupe Profession Sant\u00e9\"},\"image\":{\"@id\":\"https:\/\/www.groupeprofessionsante.fr\/en\/#\/schema\/logo\/image\/\"},\"sameAs\":[\"https:\/\/www.linkedin.com\/company\/groupe-profession-sant\/?originalSubdomain=fr\",\"https:\/\/twitter.com\/gpsante\"]}]}<\/script>\n<!-- \/ Yoast SEO plugin. -->","yoast_head_json":{"title":"Groupe Profession Sant\u00e9 charter - Groupe Profession Sant\u00e9","robots":{"index":"index","follow":"follow","max-snippet":"max-snippet:-1","max-image-preview":"max-image-preview:large","max-video-preview":"max-video-preview:-1"},"canonical":"https:\/\/www.groupeprofessionsante.fr\/en\/groupe-profession-sante-charter\/","og_locale":"en_US","og_type":"article","og_title":"Groupe Profession Sant\u00e9 charter - Groupe Profession Sant\u00e9","og_description":"Environmental charter for Groupe Profession Sant\u00e9 media &nbsp;Preamble : The human origins and deleterious consequences of climate change for present and future generations have now been scientifically demonstrated. The media have the capacity to work concretely towards a controlled evolution of this degradation by providing their audiences with information on the scientific findings, the urgent [&hellip;]","og_url":"https:\/\/www.groupeprofessionsante.fr\/en\/groupe-profession-sante-charter\/","og_site_name":"Groupe Profession Sant\u00e9","article_modified_time":"2025-01-24T10:34:54+00:00","twitter_card":"summary_large_image","twitter_site":"@gpsante","twitter_misc":{"Est. reading time":"4 minutes"},"schema":{"@context":"https:\/\/schema.org","@graph":[{"@type":"WebPage","@id":"https:\/\/www.groupeprofessionsante.fr\/en\/groupe-profession-sante-charter\/","url":"https:\/\/www.groupeprofessionsante.fr\/en\/groupe-profession-sante-charter\/","name":"Groupe Profession Sant\u00e9 charter - Groupe Profession Sant\u00e9","isPartOf":{"@id":"https:\/\/www.groupeprofessionsante.fr\/en\/#website"},"datePublished":"2024-04-05T09:46:35+00:00","dateModified":"2025-01-24T10:34:54+00:00","breadcrumb":{"@id":"https:\/\/www.groupeprofessionsante.fr\/en\/groupe-profession-sante-charter\/#breadcrumb"},"inLanguage":"en-US","potentialAction":[{"@type":"ReadAction","target":["https:\/\/www.groupeprofessionsante.fr\/en\/groupe-profession-sante-charter\/"]}]},{"@type":"BreadcrumbList","@id":"https:\/\/www.groupeprofessionsante.fr\/en\/groupe-profession-sante-charter\/#breadcrumb","itemListElement":[{"@type":"ListItem","position":1,"name":"Accueil","item":"https:\/\/www.groupeprofessionsante.fr\/en\/"},{"@type":"ListItem","position":2,"name":"Groupe Profession Sant\u00e9 charter"}]},{"@type":"WebSite","@id":"https:\/\/www.groupeprofessionsante.fr\/en\/#website","url":"https:\/\/www.groupeprofessionsante.fr\/en\/","name":"Groupe Profession Sant\u00e9","description":"1er groupe M\u00e9dias et Services pour la sant\u00e9","publisher":{"@id":"https:\/\/www.groupeprofessionsante.fr\/en\/#organization"},"alternateName":"1er Groupe m\u00e9dias et services pour les professionnels de sant\u00e9","potentialAction":[{"@type":"SearchAction","target":{"@type":"EntryPoint","urlTemplate":"https:\/\/www.groupeprofessionsante.fr\/en\/?s={search_term_string}"},"query-input":"required name=search_term_string"}],"inLanguage":"en-US"},{"@type":"Organization","@id":"https:\/\/www.groupeprofessionsante.fr\/en\/#organization","name":"Groupe Profession Sant\u00e9","url":"https:\/\/www.groupeprofessionsante.fr\/en\/","logo":{"@type":"ImageObject","inLanguage":"en-US","@id":"https:\/\/www.groupeprofessionsante.fr\/en\/#\/schema\/logo\/image\/","url":"https:\/\/www.groupeprofessionsante.fr\/wp-content\/uploads\/2022\/05\/logo-GPS.svg","contentUrl":"https:\/\/www.groupeprofessionsante.fr\/wp-content\/uploads\/2022\/05\/logo-GPS.svg","width":208,"height":179,"caption":"Groupe Profession Sant\u00e9"},"image":{"@id":"https:\/\/www.groupeprofessionsante.fr\/en\/#\/schema\/logo\/image\/"},"sameAs":["https:\/\/www.linkedin.com\/company\/groupe-profession-sant\/?originalSubdomain=fr","https:\/\/twitter.com\/gpsante"]}]}},"_links":{"self":[{"href":"https:\/\/www.groupeprofessionsante.fr\/en\/wp-json\/wp\/v2\/pages\/6784"}],"collection":[{"href":"https:\/\/www.groupeprofessionsante.fr\/en\/wp-json\/wp\/v2\/pages"}],"about":[{"href":"https:\/\/www.groupeprofessionsante.fr\/en\/wp-json\/wp\/v2\/types\/page"}],"author":[{"embeddable":true,"href":"https:\/\/www.groupeprofessionsante.fr\/en\/wp-json\/wp\/v2\/users\/11"}],"replies":[{"embeddable":true,"href":"https:\/\/www.groupeprofessionsante.fr\/en\/wp-json\/wp\/v2\/comments?post=6784"}],"version-history":[{"count":2,"href":"https:\/\/www.groupeprofessionsante.fr\/en\/wp-json\/wp\/v2\/pages\/6784\/revisions"}],"predecessor-version":[{"id":7035,"href":"https:\/\/www.groupeprofessionsante.fr\/en\/wp-json\/wp\/v2\/pages\/6784\/revisions\/7035"}],"wp:attachment":[{"href":"https:\/\/www.groupeprofessionsante.fr\/en\/wp-json\/wp\/v2\/media?parent=6784"}],"curies":[{"name":"wp","href":"https:\/\/api.w.org\/{rel}","templated":true}]}}