{"id":6760,"date":"2024-03-25T16:53:08","date_gmt":"2024-03-25T15:53:08","guid":{"rendered":"https:\/\/www.groupeprofessionsante.fr\/our-commitment\/"},"modified":"2025-04-28T16:55:06","modified_gmt":"2025-04-28T14:55:06","slug":"our-commitment","status":"publish","type":"page","link":"https:\/\/www.groupeprofessionsante.fr\/en\/our-commitment\/","title":{"rendered":"Our commitment"},"content":{"rendered":"<p>[et_pb_section fb_built=&#8221;1&#8243; next_background_color=&#8221;#ffffff&#8221; _builder_version=&#8221;4.18.0&#8243; _module_preset=&#8221;default&#8221; background_color=&#8221;#3F3F3F&#8221; use_background_color_gradient=&#8221;on&#8221; background_color_gradient_direction=&#8221;312deg&#8221; background_color_gradient_stops=&#8221;#000000 0%|#3f3f3f 100%&#8221; custom_margin=&#8221;0px||0px||true|false&#8221; custom_padding=&#8221;60px||45px||false|false&#8221; bottom_divider_style=&#8221;asymmetric&#8221; bottom_divider_height=&#8221;75px&#8221; locked=&#8221;off&#8221; global_colors_info=&#8221;{}&#8221;][et_pb_row column_structure=&#8221;1_2,1_2&#8243; _builder_version=&#8221;4.18.0&#8243; _module_preset=&#8221;default&#8221; custom_padding=&#8221;40px||39px|||&#8221; global_colors_info=&#8221;{}&#8221;][et_pb_column type=&#8221;1_2&#8243; _builder_version=&#8221;4.18.0&#8243; _module_preset=&#8221;default&#8221; global_colors_info=&#8221;{}&#8221;][et_pb_text _builder_version=&#8221;4.22.2&#8243; _module_preset=&#8221;default&#8221; text_text_color=&#8221;#FFFFFF&#8221; link_text_color=&#8221;#E5E5E5&#8243; link_font_size=&#8221;13px&#8221; header_font=&#8221;|||on|||||&#8221; header_text_color=&#8221;#FFFFFF&#8221; header_font_size=&#8221;65px&#8221; custom_margin=&#8221;||4px|||&#8221; header_font_size_tablet=&#8221;44px&#8221; header_font_size_phone=&#8221;34px&#8221; header_font_size_last_edited=&#8221;on|phone&#8221; global_colors_info=&#8221;{}&#8221;]<\/p>\n<h1 style=\"text-align: left;\"><span style=\"color: #ffffff;\"><strong>Our CSR commitment<\/strong><\/span><\/h1>\n<p>[\/et_pb_text][et_pb_text _builder_version=&#8221;4.18.0&#8243; _module_preset=&#8221;default&#8221; text_text_color=&#8221;#FFFFFF&#8221; text_font_size=&#8221;13px&#8221; link_text_color=&#8221;#E5E5E5&#8243; link_font_size=&#8221;13px&#8221; custom_margin=&#8221;7px|||||&#8221; locked=&#8221;off&#8221; global_colors_info=&#8221;{}&#8221;]<\/p>\n<span><span><a href=\"https:\/\/www.groupeprofessionsante.fr\/en\/\">Accueil<\/a><\/span>\n<p>[\/et_pb_text][\/et_pb_column][et_pb_column type=&#8221;1_2&#8243; _builder_version=&#8221;4.18.0&#8243; _module_preset=&#8221;default&#8221; global_colors_info=&#8221;{}&#8221;][\/et_pb_column][\/et_pb_row][\/et_pb_section][et_pb_section fb_built=&#8221;1&#8243; _builder_version=&#8221;4.18.0&#8243; _module_preset=&#8221;default&#8221; custom_padding=&#8221;31px||25px|||&#8221; global_colors_info=&#8221;{}&#8221;][et_pb_row _builder_version=&#8221;4.17.1&#8243; _module_preset=&#8221;default&#8221; custom_margin=&#8221;|auto|-6px|auto||&#8221; custom_padding=&#8221;19px||8px|||&#8221; locked=&#8221;off&#8221; global_colors_info=&#8221;{}&#8221;][et_pb_column type=&#8221;4_4&#8243; _builder_version=&#8221;4.17.1&#8243; _module_preset=&#8221;default&#8221; global_colors_info=&#8221;{}&#8221;][et_pb_text admin_label=&#8221;Texte&#8221; _builder_version=&#8221;4.22.2&#8243; _module_preset=&#8221;default&#8221; text_font=&#8221;|300|||||||&#8221; text_text_color=&#8221;#000000&#8243; text_line_height=&#8221;1.8em&#8221; header_2_font=&#8221;|300|||||||&#8221; header_2_text_color=&#8221;#000000&#8243; header_2_font_size=&#8221;32px&#8221; text_orientation=&#8221;center&#8221; max_width=&#8221;61%&#8221; max_width_tablet=&#8221;100%&#8221; max_width_phone=&#8221;100%&#8221; max_width_last_edited=&#8221;on|tablet&#8221; module_alignment=&#8221;center&#8221; custom_margin=&#8221;||31px|||&#8221; global_colors_info=&#8221;{}&#8221;]<\/p>\n<h2 class=\"p1\"><strong>Groupe Profession Sant\u00e9 and its employees are committed to environmental, social and corporate responsibility.<\/strong><\/h2>\n<p>[\/et_pb_text][et_pb_divider color=&#8221;#007EC4&#8243; divider_weight=&#8221;4px&#8221; _builder_version=&#8221;4.18.0&#8243; _module_preset=&#8221;default&#8221; width=&#8221;100px&#8221; module_alignment=&#8221;center&#8221; custom_margin=&#8221;||22px|||&#8221; global_colors_info=&#8221;{}&#8221;][\/et_pb_divider][et_pb_text _builder_version=&#8221;4.22.2&#8243; _module_preset=&#8221;default&#8221; text_font=&#8221;|300|||||||&#8221; text_text_color=&#8221;#000000&#8243; text_line_height=&#8221;1.8em&#8221; text_orientation=&#8221;center&#8221; max_width=&#8221;86.6%&#8221; max_width_tablet=&#8221;100%&#8221; max_width_phone=&#8221;100%&#8221; max_width_last_edited=&#8221;on|tablet&#8221; module_alignment=&#8221;center&#8221; custom_margin=&#8221;-5px|||||&#8221; global_colors_info=&#8221;{}&#8221;]<\/p>\n<p><span style=\"color: #000000;\">Groupe Profession Sant\u00e9&#8217;s brands work to promote public health, raise awareness of medical and environmental issues, and ensure transparency in the way they handle information. <\/span><\/p>\n<p><span style=\"color: #000000;\">As an influential player in the healthcare sector, Groupe Profession Sant\u00e9 is committed to conducting its information and communication activities in a responsible manner, taking into account the social, environmental and economic impacts of its activities. <\/span><\/p>\n<p><span style=\"color: #000000;\">Groupe Profession Sant\u00e9 also supports initiatives aimed at improving access to healthcare and promoting the well-being of individuals and communities. <\/span><\/p>\n<p><span style=\"color: #000000;\">Finally, Groupe Profession Sant\u00e9 strives to reduce its ecological footprint by adopting sustainable practices in its editorial and commercial operations.<\/span><\/p>\n<p>[\/et_pb_text][\/et_pb_column][\/et_pb_row][\/et_pb_section][et_pb_section fb_built=&#8221;1&#8243; _builder_version=&#8221;4.18.0&#8243; _module_preset=&#8221;default&#8221; custom_padding=&#8221;39px||97px|||&#8221; global_colors_info=&#8221;{}&#8221;][et_pb_row column_structure=&#8221;1_3,1_3,1_3&#8243; make_equal=&#8221;on&#8221; _builder_version=&#8221;4.18.0&#8243; _module_preset=&#8221;default&#8221; custom_margin=&#8221;|auto|-11px|auto||&#8221; custom_padding=&#8221;||24px|||&#8221; global_colors_info=&#8221;{}&#8221;][et_pb_column type=&#8221;1_3&#8243; _builder_version=&#8221;4.18.0&#8243; _module_preset=&#8221;default&#8221; background_color=&#8221;#000000&#8243; animation_style=&#8221;slide&#8221; animation_direction=&#8221;top&#8221; animation_duration=&#8221;1050ms&#8221; animation_intensity_slide=&#8221;12%&#8221; animation_starting_opacity=&#8221;16%&#8221; global_colors_info=&#8221;{}&#8221;][et_pb_image src=&#8221;https:\/\/www.groupeprofessionsante.fr\/wp-content\/uploads\/2024\/03\/romain-dancre-doplSDELX7E-unsplash-scaled.jpg&#8221; alt=&#8221;Health profession group&#8221; title_text=&#8221;romain-dancre-doplSDELX7E-unsplash&#8221; _builder_version=&#8221;4.22.2&#8243; _module_preset=&#8221;default&#8221; custom_margin=&#8221;||-1px|||&#8221; box_shadow_style=&#8221;preset3&#8243; box_shadow_vertical=&#8221;-10px&#8221; box_shadow_blur=&#8221;20px&#8221; box_shadow_spread=&#8221;-14px&#8221; global_colors_info=&#8221;{}&#8221;][\/et_pb_image][et_pb_text _builder_version=&#8221;4.22.2&#8243; _module_preset=&#8221;default&#8221; global_colors_info=&#8221;{}&#8221;]<\/p>\n<p style=\"text-align: center;\"><span style=\"color: #ffffff;\"><strong><\/strong><\/span><\/p>\n<p style=\"text-align: center;\"><span style=\"color: #ffffff;\"><strong><\/strong><\/span><\/p>\n<p style=\"text-align: center;\"><span style=\"color: #ffffff;\"><strong>Environmental charter<\/strong><\/span><\/p>\n<p style=\"text-align: center;\"><span style=\"color: #ffffff;\">Groupe Profession Sant\u00e9&#8217;s employees are committed to ensuring that the practice of their profession is consistent with climate and environmental issues.<\/span><\/p>\n<p>[\/et_pb_text][\/et_pb_column][et_pb_column type=&#8221;1_3&#8243; _builder_version=&#8221;4.18.0&#8243; _module_preset=&#8221;default&#8221; background_color=&#8221;#000000&#8243; animation_style=&#8221;slide&#8221; animation_direction=&#8221;top&#8221; animation_delay=&#8221;250ms&#8221; animation_intensity_slide=&#8221;18%&#8221; animation_starting_opacity=&#8221;12%&#8221; global_colors_info=&#8221;{}&#8221;][et_pb_image src=&#8221;https:\/\/www.groupeprofessionsante.fr\/wp-content\/uploads\/2024\/03\/AdobeStock_135565231-scaled.jpeg&#8221; alt=&#8221;committed teams&#8221; title_text=&#8221;Multicolored volunteers hands with heart shaped&#8221; _builder_version=&#8221;4.22.2&#8243; _module_preset=&#8221;default&#8221; width=&#8221;100%&#8221; max_width=&#8221;100%&#8221; height=&#8221;245px&#8221; max_height=&#8221;1000px&#8221; custom_margin=&#8221;||-1px|||&#8221; box_shadow_style=&#8221;preset3&#8243; box_shadow_vertical=&#8221;-10px&#8221; box_shadow_blur=&#8221;20px&#8221; box_shadow_spread=&#8221;-14px&#8221; global_colors_info=&#8221;{}&#8221;][\/et_pb_image][et_pb_text _builder_version=&#8221;4.22.2&#8243; _module_preset=&#8221;default&#8221; text_text_color=&#8221;#FFFFFF&#8221; background_color=&#8221;RGBA(255,255,255,0)&#8221; custom_padding=&#8221;25px|30px|25px|30px|true|true&#8221; global_colors_info=&#8221;{}&#8221;]<\/p>\n<p style=\"text-align: center;\"><strong style=\"font-size: 18px;\">3 Committed Media<\/strong><\/p>\n<p style=\"text-align: center;\">A sponsorship scheme enabling us to allocate our unsold advertising space to non profit organizations working in the field of health.<\/p>\n<p>[\/et_pb_text][\/et_pb_column][et_pb_column type=&#8221;1_3&#8243; _builder_version=&#8221;4.18.0&#8243; _module_preset=&#8221;default&#8221; background_color=&#8221;#000000&#8243; animation_style=&#8221;slide&#8221; animation_direction=&#8221;top&#8221; animation_delay=&#8221;650ms&#8221; animation_intensity_slide=&#8221;15%&#8221; animation_starting_opacity=&#8221;11%&#8221; global_colors_info=&#8221;{}&#8221;][et_pb_image src=&#8221;https:\/\/www.groupeprofessionsante.fr\/wp-content\/uploads\/2024\/03\/bank-phrom-Tzm3Oyu_6sk-unsplash-scaled.jpg&#8221; alt=&#8221;Numerous trades&#8221; title_text=&#8221;bank-phrom-Tzm3Oyu_6sk-unsplash&#8221; _builder_version=&#8221;4.22.2&#8243; _module_preset=&#8221;default&#8221; custom_margin=&#8221;||-1px|||&#8221; box_shadow_style=&#8221;preset3&#8243; box_shadow_vertical=&#8221;-10px&#8221; box_shadow_blur=&#8221;20px&#8221; box_shadow_spread=&#8221;-14px&#8221; global_colors_info=&#8221;{}&#8221;][\/et_pb_image][et_pb_text _builder_version=&#8221;4.22.2&#8243; _module_preset=&#8221;default&#8221; text_text_color=&#8221;#FFFFFF&#8221; background_color=&#8221;RGBA(255,255,255,0)&#8221; custom_padding=&#8221;40px|30px|40px|30px|true|true&#8221; global_colors_info=&#8221;{}&#8221;]<\/p>\n<p style=\"text-align: center;\"><strong style=\"font-size: 18px;\">Paper: our sustainable choices<\/strong><strong><\/strong><\/p>\n<p style=\"text-align: center;\">Groupe Profession Sant\u00e9 is committed to minimizing the environmental impact of its newspaper production.<\/p>\n<p>[\/et_pb_text][\/et_pb_column][\/et_pb_row][et_pb_row column_structure=&#8221;1_3,1_3,1_3&#8243; _builder_version=&#8221;4.22.2&#8243; _module_preset=&#8221;default&#8221; global_colors_info=&#8221;{}&#8221;][et_pb_column type=&#8221;1_3&#8243; _builder_version=&#8221;4.22.2&#8243; _module_preset=&#8221;default&#8221; global_colors_info=&#8221;{}&#8221;][et_pb_button button_url=&#8221;@ET-DC@eyJkeW5hbWljIjp0cnVlLCJjb250ZW50IjoicG9zdF9saW5rX3VybF9wYWdlIiwic2V0dGluZ3MiOnsicG9zdF9pZCI6IjQ5NTAifX0=@&#8221; url_new_window=&#8221;on&#8221; button_text=&#8221;Read the charter  &#8221; button_alignment=&#8221;center&#8221; _builder_version=&#8221;4.22.2&#8243; _dynamic_attributes=&#8221;button_url&#8221; _module_preset=&#8221;default&#8221; global_colors_info=&#8221;{}&#8221;][\/et_pb_button][\/et_pb_column][et_pb_column type=&#8221;1_3&#8243; _builder_version=&#8221;4.22.2&#8243; _module_preset=&#8221;default&#8221; global_colors_info=&#8221;{}&#8221;][et_pb_button button_url=&#8221;https:\/\/www.groupeprofessionsante.fr\/wp-content\/uploads\/2025\/02\/Groupe_Profession_Sante_3mediasengages_presentation-dispositif_maj02_2025-1.pdf&#8221; url_new_window=&#8221;on&#8221; button_text=&#8221;Read more  &#8221; button_alignment=&#8221;center&#8221; _builder_version=&#8221;4.22.2&#8243; _module_preset=&#8221;default&#8221; hover_enabled=&#8221;0&#8243; global_colors_info=&#8221;{}&#8221; sticky_enabled=&#8221;0&#8243;][\/et_pb_button][\/et_pb_column][et_pb_column type=&#8221;1_3&#8243; _builder_version=&#8221;4.22.2&#8243; _module_preset=&#8221;default&#8221; global_colors_info=&#8221;{}&#8221;][et_pb_button button_url=&#8221;@ET-DC@eyJkeW5hbWljIjp0cnVlLCJjb250ZW50IjoicG9zdF9saW5rX3VybF9wYWdlIiwic2V0dGluZ3MiOnsicG9zdF9pZCI6IjQ5MjcifX0=@&#8221; url_new_window=&#8221;on&#8221; button_text=&#8221;Read more  &#8221; button_alignment=&#8221;center&#8221; _builder_version=&#8221;4.22.2&#8243; _dynamic_attributes=&#8221;button_url&#8221; _module_preset=&#8221;default&#8221; global_colors_info=&#8221;{}&#8221;][\/et_pb_button][\/et_pb_column][\/et_pb_row][\/et_pb_section][et_pb_section fb_built=&#8221;1&#8243; _builder_version=&#8221;4.22.2&#8243; _module_preset=&#8221;default&#8221; global_colors_info=&#8221;{}&#8221;][et_pb_row _builder_version=&#8221;4.22.2&#8243; _module_preset=&#8221;default&#8221; global_colors_info=&#8221;{}&#8221;][et_pb_column type=&#8221;4_4&#8243; _builder_version=&#8221;4.22.2&#8243; _module_preset=&#8221;default&#8221; global_colors_info=&#8221;{}&#8221;][et_pb_testimonial author=&#8221;Jean-Paul Digy MD, Ph.D., MBA&#8221; job_title=&#8221;Medical Director&#8221; _builder_version=&#8221;4.22.2&#8243; _module_preset=&#8221;default&#8221; author_text_color=&#8221;#007EC4&#8243; position_text_color=&#8221;#007EC4&#8243; company_text_color=&#8221;#007EC4&#8243; global_colors_info=&#8221;{}&#8221;]<\/p>\n<p><img decoding=\"async\" src=\"https:\/\/www.groupeprofessionsante.fr\/wp-content\/uploads\/2024\/09\/post-Jean-Paul-1024x1024.png\" width=\"305\" height=\"305\" alt=\"\" class=\"wp-image-5316 alignleft size-large\"><span>\ud83c\udf0d \ud83c\udf0e \ud83c\udf0f<\/span><span class=\"white-space-pre\"> <\/span><span><span aria-hidden=\"true\">#ActionsForThePlanet<\/span><\/span><span><br \/><\/span><span>Promoting the decarbonization of healthcare industries for a healthier planet:<\/span><span class=\"white-space-pre\"> <\/span><a class=\"app-aware-link \" target=\"_self\" href=\"https:\/\/www.linkedin.com\/in\/ACoAAAHq3ogBDhJlgrARuhhOJMkNJfXAothEWIY\" data-test-app-aware-link=\"\" rel=\"noopener\"><span><\/span><\/a>Jean-Paul Digy MD, Ph.D., MBA<span class=\"white-space-pre\"> <\/span><span>at the office, just like at home!<\/span><span><br \/><\/span><span><br \/><\/span><span>&#8220;I&#8217;m Jean-Paul, Medical Director of the Profession Sant\u00e9 Group.<\/span><span><br \/><\/span><span><br \/><\/span><span>\ud83d\udc49 Air pollution is the 2nd leading risk factor for mortality (after hypertension and ahead of tobacco), in both adults and children. It is responsible for 48% of deaths from chronic obstructive pulmonary disease (COPD), 28% from ischemic heart disease and 30% from lower respiratory tract infections. <\/span><span class=\"white-space-pre\"> <\/span><span><br \/><\/span><span><br \/><\/span><span>\u2757 In 2022, according to the report<\/span><span class=\"white-space-pre\"> <\/span><a class=\"app-aware-link \" target=\"_self\" href=\"https:\/\/www.linkedin.com\/company\/the-shift-project\/\" data-test-app-aware-link=\"\" rel=\"noopener\"><span>The Shift Project<\/span><\/a><span>GHG emissions (CO2, methane, N2O, etc.) from the healthcare sector (49 MtCO2eq) represented around 8% of France&#8217;s carbon footprint (623 MtCO2eq). In the same year, LEEM estimated the total GHG emissions of pharmaceutical companies, linked to medicines produced and\/or consumed in France, at 26.3 MtCO2eq. <\/span><span class=\"white-space-pre\"> <\/span><span><br \/><\/span><span><br \/><\/span><span>As Medical Director of Agence Profession Sant\u00e9, I&#8217;m committed to healthy air and the fight against global warming:<\/span><span class=\"white-space-pre\"> <\/span><span><br \/><\/span><span>\ud83c\udf40 promoting eco-responsible use of medicines and medical devices<\/span><span><br \/><\/span><span>\ud83c\udf43 helping manufacturers to communicate their best practices in terms of the environment and decarbonization, without greenwashing of course<\/span><span><br \/><\/span><span>\ud83c\udf32 promoting the use of digital communication channels in our activities<\/span><span><br \/><\/span><span>\ud83c\udf3e encouraging and promoting ecological initiatives at our customers&#8217; sites<\/span><span><br \/><\/span><span>\ud83e\udd94 reducing travel by teleworking and virtual meetings<\/span><span><br \/><\/span><span>\ud83d\udc1e reducing my energy consumption in the office (heating\/air-conditioning, printing, tools)<\/span><span><br \/><\/span><span>\ud83c\udf3f helping to raise staff awareness of the importance of their carbon footprint: a French citizen will produce 9.2tCO2eq\/year in 2022 (-18% in 20 years, i.e. an average drop of 0.9%\/year) for a target of 2tCO2eq\/year in the Paris Agreement (achievable in 170 years at this rate)<\/span><span><br \/><\/span><span>\ud83c\udf3c integrating sustainability into our communications wherever possible<\/span><span><br \/><\/span><span><br \/><\/span><span>On a personal level, I&#8217;m taking action by reducing my energy consumption (at home, in my transport, on vacation), by promoting healthy, sustainable eating (less meat, fish and more fruit and vegetables, local, seasonal produce) by optimizing my waste management (selective sorting, less plastic) and of course by reducing my consumption of medicines\/DM and that of my family. &#8220;<\/span><span><br \/><\/span><\/p>\n<p><span><\/span><\/p>\n<p>&nbsp;<\/p>\n<p>[\/et_pb_testimonial][et_pb_testimonial author=&#8221;B\u00e9chir Bousnina&#8221; job_title=&#8221;IT Manager&#8221; _builder_version=&#8221;4.22.2&#8243; _module_preset=&#8221;default&#8221; author_text_color=&#8221;#007EC4&#8243; position_text_color=&#8221;#007EC4&#8243; global_colors_info=&#8221;{}&#8221;]<\/p>\n<p><img decoding=\"async\" class=\"wp-image-5215 alignleft size-large\" src=\"https:\/\/www.groupeprofessionsante.fr\/wp-content\/uploads\/2024\/07\/post-Bechir-1024x1024.png\" alt=\"\" width=\"304\" height=\"304\">\ud83c\udf0d \ud83c\udf0e \ud83c\udf0f <span aria-hidden=\"true\">#ActionsPourLaPlan\u00e8te<\/span><br \/>Reducing the ecological footprint of our technologies and buying local products: B\u00e9chir BOUSNINA makes a commitment at work, as well as at home!<\/p>\n<p>&#8220;As an IT manager, I&#8217;m aware of the environmental challenges we face when it comes to technology. I regularly work with our team to reduce our environmental impact both in our business operations and in our daily lives.   <br \/>In recent years, we have made significant progress in reducing our carbon footprint. We have opted for cloud solutions provided by companies committed to reducing their ecological footprint, while at the same time implementing policies aimed at extending the lifespan of our IT equipment and encouraging the recycling of obsolete equipment. In this way, we give priority to the purchase of reconditioned IT equipment.    <br \/>In addition, we have rethought our working practices to encourage telecommuting and online meetings, thus reducing our business travel.  <br \/>These actions testify to our determination to minimize our environmental impact while continuing to provide quality services.  <\/p>\n<p>On a personal level, I&#8217;m also committed to reducing my environmental impact. I adopt eco-responsible habits such as reducing my energy consumption at home or favoring sustainable and local products in my purchases.&#8221; <\/p>\n<p>[\/et_pb_testimonial][et_pb_testimonial author=&#8221;D\u00e9borah Serougne  &#8221; job_title=&#8221;Graphic designer&#8221; _builder_version=&#8221;4.22.2&#8243; _module_preset=&#8221;default&#8221; author_text_color=&#8221;#007EC4&#8243; position_text_color=&#8221;#007EC4&#8243; global_colors_info=&#8221;{}&#8221;]<\/p>\n<p><img decoding=\"async\" class=\"wp-image-5218 alignleft size-large\" src=\"https:\/\/www.groupeprofessionsante.fr\/wp-content\/uploads\/2024\/07\/Deborah-1024x1024.png\" alt=\"\" width=\"315\" height=\"315\">\ud83c\udf0d \ud83c\udf0e \ud83c\udf0f <span aria-hidden=\"true\">#ActionsPourLaPlan\u00e8te<\/span><br \/>Climate fresco and eco-responsible habits: D\u00e9borah Serougne makes a commitment at the office, just like at home!<\/p>\n<p>&#8220;I&#8217;m D\u00e9borah, graphic designer and editor at Groupe Profession Sant\u00e9. Aware of the environmental challenges we face, we are confronted with this issue every day, through the management of paper during the production of the Group&#8217;s newspapers. As far as possible, our teams try to limit and recycle paper output.  <\/p>\n<p>In conjunction with Groupe Profession Sant\u00e9&#8217;s sustainable development group, we offered employees a workshop on <a class=\"app-aware-link \" href=\"https:\/\/fresqueduclimat.org\/\" target=\"_blank\" rel=\"noopener\" data-test-app-aware-link=\"\"><span aria-hidden=\"true\">the <\/span><\/a> <a class=\"app-aware-link \" href=\"https:\/\/fresqueduclimat.org\/\" target=\"_blank\" rel=\"noopener\" data-test-app-aware-link=\"\">Fresque Du Climat<\/a>, a collaborative game based on the work of the IPCC (Intergovernmental Panel on Climate Change). The aim of the game is to make scientific knowledge more accessible, so as to help people understand climate issues and put them at the heart of public debate. <\/p>\n<p>On a personal level, I&#8217;d say it&#8217;s hard to be truly green, between intention and reality. So I&#8217;m trying to manage my contradictions by adopting eco-responsible habits that aren&#8217;t too hard to implement with my living conditions:<br \/>&#8211; the use of a composter (after a short training course and reduced-cost purchase offered by my town);<br \/>&#8211; the choice to give preference to cycling or public transport wherever possible, voluntarily limiting air travel,<br \/>&#8211; drastically limiting meat;<br \/>&#8211; buying from ressourcerie as much as possible;<br \/>&#8211; setting the heating to 18 during the day and 16 at night.&#8221; <\/p>\n<p>[\/et_pb_testimonial][et_pb_testimonial author=&#8221;Mamadou Tour\u00e9  &#8221; job_title=&#8221;Event communications project manager&#8221; _builder_version=&#8221;4.22.2&#8243; _module_preset=&#8221;default&#8221; author_text_color=&#8221;#007EC4&#8243; position_text_color=&#8221;#007EC4&#8243; border_radii_portrait=&#8221;on|0px|0px|0px|0px&#8221; global_colors_info=&#8221;{}&#8221;]<\/p>\n<p><img decoding=\"async\" class=\"wp-image-5193 alignleft size-large\" src=\"https:\/\/www.groupeprofessionsante.fr\/wp-content\/uploads\/2024\/06\/post-Mamadou-1024x1024.png\" alt=\"\" width=\"316\" height=\"316\"><\/p>\n<p>\ud83c\udf0d \ud83c\udf0e \ud83c\udf0f <span aria-hidden=\"true\">#ActionsPourLaPlan\u00e8te<\/span><br \/>Group recycling and water protection: Mamadou Tour\u00e9 makes a commitment at the office, just like at home!<\/p>\n<p>&#8220;I&#8217;m Mamadou, events communications project manager. I&#8217;m sensitive to environmental issues and I do my best to adopt the right gestures on a daily basis. It&#8217;s perfectly possible to adopt eco-responsible habits without having to put up with heavy constraints or changing what you like.  <\/p>\n<p>One of our flagship initiatives this year is the collection of coffee machines in each department for recycling. To encourage our employees to take part in this initiative, we offer them a credit on the company&#8217;s coffee machine in exchange for their old machine. <\/p>\n<p>In my personal life, being a marathon fan, I&#8217;m used to running in winter, so we manage the cold! At home, I try to pay attention to the heating. My main battle remains water management. Adopting simple gestures like reducing the time spent in the shower and avoiding wastage is essential. No great sacrifices are needed, just a little awareness and the right habits to preserve this precious resource. \ud83d\ude0a&#8221;     <\/p>\n<p>[\/et_pb_testimonial][et_pb_testimonial author=&#8221;Maud Pilloud&#8221; job_title=&#8221;Head of Communications and Institutional Partnerships&#8221; _builder_version=&#8221;4.22.2&#8243; _module_preset=&#8221;default&#8221; author_text_color=&#8221;#007EC4&#8243; position_text_color=&#8221;#007EC4&#8243; global_colors_info=&#8221;{}&#8221;]<\/p>\n<h5><span style=\"color: #000000;\"><img decoding=\"async\" class=\"wp-image-5174 alignleft size-large\" src=\"https:\/\/www.groupeprofessionsante.fr\/wp-content\/uploads\/2024\/06\/Maud-1024x1024.png\" alt=\"\" width=\"288\" height=\"288\"><\/span><\/h5>\n<p>\ud83c\udf0d \ud83c\udf0e \ud83c\udf0f <span aria-hidden=\"true\">#ActionsPourLaPlan\u00e8te<\/span><br \/>Federating and acting together: Maud Pilloud makes a commitment at work, as well as at home!<\/p>\n<p>&#8220;I&#8217;m Maud, head of communications and institutional partnerships at Groupe Profession Sant\u00e9.<\/p>\n<p>\ud83c\udf0f As the daughter of a climatologist, I&#8217;m committed to taking action for the planet in all aspects of my daily life: at home, but also in the office, of course.<br \/>\ud83d\udca1 Two years ago, several colleagues discovered that we shared the same concerns, and we wanted to think together about what could be done in our professional practice to make our activity more responsible, more sustainable, more reasoned.<br \/>\ud83c\udfe2 Every month, we explore ways in which we can consume less in the office, recycle better, educate others about the right thing to do, and collectively commit the Group to taking account of the urgent need to tackle climate change.<\/p>\n<p>\ud83c\udfe1 At home, I try to be attentive on all fronts. My main battle-horse is heating. In winter, the thermostat is set at 19 during the day and 17 at night, which is very healthy. You don&#8217;t have to live in a T-shirt all year round, just a cozy woollen sweater and you&#8217;re warm all winter long. \ud83d\ude0a&#8221;   <\/p>\n<p>[\/et_pb_testimonial][et_pb_testimonial author=&#8221;Philippe Raer&#8221; job_title=&#8221;Advertising and Monetization Manager&#8221; _builder_version=&#8221;4.22.2&#8243; _module_preset=&#8221;default&#8221; author_text_color=&#8221;#007EC4&#8243; position_text_color=&#8221;#007EC4&#8243; global_colors_info=&#8221;{}&#8221;]<\/p>\n<h5><span style=\"color: #000000;\"><img decoding=\"async\" class=\"wp-image-5113 alignleft size-large\" src=\"https:\/\/www.groupeprofessionsante.fr\/wp-content\/uploads\/2024\/06\/post-Philippe-1024x1024.png\" alt=\"\" width=\"282\" height=\"282\"><\/span><\/h5>\n<p>\ud83c\udf0d \ud83c\udf0e \ud83c\udf0f <span aria-hidden=\"true\">#ActionsForThePlanet<\/span><\/p>\n<p>Philippe RAER&#8217;s commitment to greener communication and the addition of small gestures on a daily basis means he&#8217;s as committed at work as he is at home!<\/p>\n<p>&#8220;I&#8217;m Philippe, director of advertising sales and monetization for the Profession Sant\u00e9 Group<br \/>As part of our communications consultancy work on behalf of players in the healthcare industry and services, sustainable development issues are at the heart of our customers&#8217; concerns.<br \/>The Profession Sant\u00e9 Group strives to reduce its ecological footprint by adopting<br \/>sustainable practices in its editorial and commercial operations.<br \/>Our philosophy on a daily basis: &#8220;Living is good. Knowing how to live is better&#8221;.<\/p>\n<p>On a personal level, in my family and personal environment, there&#8217;s no need to panic about the little things we do every day,<br \/>can have a positive impact:<br \/>Traffic rate: I&#8217;ve swapped my car journeys for a 2-wheeler (mechanical!) and public transport<br \/>&#8230;<br \/>Click-through rate: I&#8217;ve banished plastic bags when shopping for food in favor of a superb rolling cart &#8230;<br \/>Conversion rate: Gone are the blinding lights in favor of soft, economical and aesthetic LEDs &#8230;<br \/>Performance rate: Separation of plastic, paper, glass, metal &#8230; Long live selective sorting.<br \/>Lead rate: Gone are the pineapples from Hawaii and the tomatoes from Kenya, I now eat seasonal produce &#8230;<br \/>Campaign summary: Small gestures for a better world, not enough to save the planet on my own, but it&#8217;s good to surpass oneself, challenge oneself and participate as a family! &#8220;<\/p>\n<p>[\/et_pb_testimonial][et_pb_testimonial author=&#8221;Barbara Nathan&#8221; job_title=&#8221;Human Resources Director&#8221; _builder_version=&#8221;4.22.2&#8243; _module_preset=&#8221;default&#8221; author_text_color=&#8221;#007EC4&#8243; position_text_color=&#8221;#007EC4&#8243; global_colors_info=&#8221;{}&#8221;]<\/p>\n<p><span style=\"color: #000000;\"><img decoding=\"async\" class=\"wp-image-5116 alignleft size-large\" src=\"https:\/\/www.groupeprofessionsante.fr\/wp-content\/uploads\/2024\/06\/post-Barbara-1024x1024.png\" alt=\"\" width=\"277\" height=\"277\"><\/span><\/p>\n<p>\ud83c\udf0d \ud83c\udf0e \ud83c\udf0f <span aria-hidden=\"true\">#ActionsPourLaPlan\u00e8te<\/span><br \/>Promoting sustainable mobility and passing on our ecological awareness to our children: Barbara NATHAN makes a commitment at work, as well as at home!<\/p>\n<p>&#8220;My name is Barbara and I&#8217;m HR Director at Groupe Profession Sant\u00e9, where I&#8217;ve been working for 6 years.<br \/>In my job, it&#8217;s important to me to integrate sustainable development into our day-to-day management. Four years ago, I introduced the sustainable mobility allowance, encouraging our employees to opt for greener means of transport. Since then, I&#8217;ve been working on the dematerialization of our HR department and in the management of general services, we always keep in mind the issue of improving our ecological footprint. Today, at GPS, I&#8217;m proud to offer a working environment where everyone can play their part in making it more sustainable.  <\/p>\n<p>And at home? My thing is above all to pass on this attention to my daughter, but also to favor organic and local products, and to use reusable containers to reduce waste.&#8221;<\/p>\n<p>[\/et_pb_testimonial][et_pb_testimonial author=&#8221;Charlotte Pommier&#8221; job_title=&#8221;Editor-in-Chief, Quotidien du M\u00e9decin  &#8221; _builder_version=&#8221;4.22.2&#8243; _module_preset=&#8221;default&#8221; author_text_color=&#8221;#007EC4&#8243; position_text_color=&#8221;#007EC4&#8243; global_colors_info=&#8221;{}&#8221;]<\/p>\n<p><span style=\"color: #000000;\"><img decoding=\"async\" class=\"wp-image-5117 alignleft size-large\" src=\"https:\/\/www.groupeprofessionsante.fr\/wp-content\/uploads\/2024\/06\/post-Charlotte-1024x1024.png\" alt=\"\" width=\"288\" height=\"288\"><\/span><\/p>\n<p>\ud83c\udf0d \ud83c\udf0e \ud83c\udf0f <span aria-hidden=\"true\">#ActionsPourLaPlan\u00e8te<\/span><br \/>Signing an environmental charter with the editors of Le Quotidien du M\u00e9decin, Le Quotidien du Pharmacien and Infirmiers.com and setting up a compost plant: Charlotte Pommier makes a commitment at the office, just as she does at home!<\/p>\n<p>&#8220;Environmental concerns are an inescapable reality in the medical world: at the editorial office, we regularly deal with the consequences of climate change and pollution on health, but also with the questioning of care practices with regard to their ecological consequences.<\/p>\n<p>It&#8217;s only natural that we should also play our part in this evolution, by examining our own footprint. Setting up a charter proved to be an ideal tool, enabling us both to take stock and set objectives.<\/p>\n<p>This work culminated in the signature, by all our editorial teams, of the environment charter for Groupe Profession Sant\u00e9 titles, last January. Today, we use it on a daily basis to fuel our reflections on how to continue improving.<\/p>\n<p>Among the crucial issues, waste management has always fascinated me. I visited my local sorting center and quickly understood why composting could transform the whole chain: by reducing the volume, and therefore the collection cycles, but also by drying out the rest of the waste, which simplifies its processing. I&#8217;ve converted all my neighbors to it!&#8221;<\/p>\n<p>[\/et_pb_testimonial][\/et_pb_column][\/et_pb_row][\/et_pb_section]<\/p>\n","protected":false},"excerpt":{"rendered":"<p>Our CSR commitment<span><span><a href=\"https:\/\/www.groupeprofessionsante.fr\/en\/\">Accueil<\/a><\/span>Groupe Profession Sant\u00e9 and its employees are committed to environmental, social and corporate responsibility.Groupe Profession Sant\u00e9&#8217;s brands work to promote public health, raise awareness of medical and environmental issues, and ensure transparency in the way they handle information. As an influential player in the healthcare sector, Groupe Profession Sant\u00e9 is committed to conducting [&hellip;]<\/p>\n","protected":false},"author":11,"featured_media":0,"parent":0,"menu_order":0,"comment_status":"closed","ping_status":"closed","template":"","meta":{"_et_pb_use_builder":"on","_et_pb_old_content":"","_et_gb_content_width":""},"acf":[],"yoast_head":"<!-- This site is optimized with the Yoast SEO plugin v19.11 - https:\/\/yoast.com\/wordpress\/plugins\/seo\/ -->\n<title>Our commitment - Groupe Profession Sant\u00e9<\/title>\n<meta name=\"robots\" content=\"index, follow, max-snippet:-1, max-image-preview:large, max-video-preview:-1\" \/>\n<link rel=\"canonical\" href=\"https:\/\/www.groupeprofessionsante.fr\/en\/our-commitment\/\" \/>\n<meta property=\"og:locale\" content=\"en_US\" \/>\n<meta property=\"og:type\" content=\"article\" \/>\n<meta property=\"og:title\" content=\"Our commitment - Groupe Profession Sant\u00e9\" \/>\n<meta property=\"og:description\" content=\"Our CSR commitmentGroupe Profession Sant\u00e9 and its employees are committed to environmental, social and corporate responsibility.Groupe Profession Sant\u00e9&#039;s brands work to promote public health, raise awareness of medical and environmental issues, and ensure transparency in the way they handle information. As an influential player in the healthcare sector, Groupe Profession Sant\u00e9 is committed to conducting [&hellip;]\" \/>\n<meta property=\"og:url\" content=\"https:\/\/www.groupeprofessionsante.fr\/en\/our-commitment\/\" \/>\n<meta property=\"og:site_name\" content=\"Groupe Profession Sant\u00e9\" \/>\n<meta property=\"article:modified_time\" content=\"2025-04-28T14:55:06+00:00\" \/>\n<meta property=\"og:image\" content=\"https:\/\/www.groupeprofessionsante.fr\/wp-content\/uploads\/2024\/09\/post-Jean-Paul-1024x1024.png\" \/>\n<meta name=\"twitter:card\" content=\"summary_large_image\" \/>\n<meta name=\"twitter:site\" content=\"@gpsante\" \/>\n<meta name=\"twitter:label1\" content=\"Est. reading time\" \/>\n\t<meta name=\"twitter:data1\" content=\"14 minutes\" \/>\n<script type=\"application\/ld+json\" class=\"yoast-schema-graph\">{\"@context\":\"https:\/\/schema.org\",\"@graph\":[{\"@type\":\"WebPage\",\"@id\":\"https:\/\/www.groupeprofessionsante.fr\/en\/our-commitment\/\",\"url\":\"https:\/\/www.groupeprofessionsante.fr\/en\/our-commitment\/\",\"name\":\"Our commitment - Groupe Profession Sant\u00e9\",\"isPartOf\":{\"@id\":\"https:\/\/www.groupeprofessionsante.fr\/en\/#website\"},\"datePublished\":\"2024-03-25T15:53:08+00:00\",\"dateModified\":\"2025-04-28T14:55:06+00:00\",\"breadcrumb\":{\"@id\":\"https:\/\/www.groupeprofessionsante.fr\/en\/our-commitment\/#breadcrumb\"},\"inLanguage\":\"en-US\",\"potentialAction\":[{\"@type\":\"ReadAction\",\"target\":[\"https:\/\/www.groupeprofessionsante.fr\/en\/our-commitment\/\"]}]},{\"@type\":\"BreadcrumbList\",\"@id\":\"https:\/\/www.groupeprofessionsante.fr\/en\/our-commitment\/#breadcrumb\",\"itemListElement\":[{\"@type\":\"ListItem\",\"position\":1,\"name\":\"Accueil\",\"item\":\"https:\/\/www.groupeprofessionsante.fr\/en\/\"},{\"@type\":\"ListItem\",\"position\":2,\"name\":\"Our commitment\"}]},{\"@type\":\"WebSite\",\"@id\":\"https:\/\/www.groupeprofessionsante.fr\/en\/#website\",\"url\":\"https:\/\/www.groupeprofessionsante.fr\/en\/\",\"name\":\"Groupe Profession Sant\u00e9\",\"description\":\"1er groupe M\u00e9dias et Services pour la sant\u00e9\",\"publisher\":{\"@id\":\"https:\/\/www.groupeprofessionsante.fr\/en\/#organization\"},\"alternateName\":\"1er Groupe m\u00e9dias et services pour les professionnels de sant\u00e9\",\"potentialAction\":[{\"@type\":\"SearchAction\",\"target\":{\"@type\":\"EntryPoint\",\"urlTemplate\":\"https:\/\/www.groupeprofessionsante.fr\/en\/?s={search_term_string}\"},\"query-input\":\"required name=search_term_string\"}],\"inLanguage\":\"en-US\"},{\"@type\":\"Organization\",\"@id\":\"https:\/\/www.groupeprofessionsante.fr\/en\/#organization\",\"name\":\"Groupe Profession Sant\u00e9\",\"url\":\"https:\/\/www.groupeprofessionsante.fr\/en\/\",\"logo\":{\"@type\":\"ImageObject\",\"inLanguage\":\"en-US\",\"@id\":\"https:\/\/www.groupeprofessionsante.fr\/en\/#\/schema\/logo\/image\/\",\"url\":\"https:\/\/www.groupeprofessionsante.fr\/wp-content\/uploads\/2022\/05\/logo-GPS.svg\",\"contentUrl\":\"https:\/\/www.groupeprofessionsante.fr\/wp-content\/uploads\/2022\/05\/logo-GPS.svg\",\"width\":208,\"height\":179,\"caption\":\"Groupe Profession Sant\u00e9\"},\"image\":{\"@id\":\"https:\/\/www.groupeprofessionsante.fr\/en\/#\/schema\/logo\/image\/\"},\"sameAs\":[\"https:\/\/www.linkedin.com\/company\/groupe-profession-sant\/?originalSubdomain=fr\",\"https:\/\/twitter.com\/gpsante\"]}]}<\/script>\n<!-- \/ Yoast SEO plugin. -->","yoast_head_json":{"title":"Our commitment - Groupe Profession Sant\u00e9","robots":{"index":"index","follow":"follow","max-snippet":"max-snippet:-1","max-image-preview":"max-image-preview:large","max-video-preview":"max-video-preview:-1"},"canonical":"https:\/\/www.groupeprofessionsante.fr\/en\/our-commitment\/","og_locale":"en_US","og_type":"article","og_title":"Our commitment - Groupe Profession Sant\u00e9","og_description":"Our CSR commitmentGroupe Profession Sant\u00e9 and its employees are committed to environmental, social and corporate responsibility.Groupe Profession Sant\u00e9's brands work to promote public health, raise awareness of medical and environmental issues, and ensure transparency in the way they handle information. As an influential player in the healthcare sector, Groupe Profession Sant\u00e9 is committed to conducting [&hellip;]","og_url":"https:\/\/www.groupeprofessionsante.fr\/en\/our-commitment\/","og_site_name":"Groupe Profession Sant\u00e9","article_modified_time":"2025-04-28T14:55:06+00:00","og_image":[{"url":"https:\/\/www.groupeprofessionsante.fr\/wp-content\/uploads\/2024\/09\/post-Jean-Paul-1024x1024.png"}],"twitter_card":"summary_large_image","twitter_site":"@gpsante","twitter_misc":{"Est. reading time":"14 minutes"},"schema":{"@context":"https:\/\/schema.org","@graph":[{"@type":"WebPage","@id":"https:\/\/www.groupeprofessionsante.fr\/en\/our-commitment\/","url":"https:\/\/www.groupeprofessionsante.fr\/en\/our-commitment\/","name":"Our commitment - Groupe Profession Sant\u00e9","isPartOf":{"@id":"https:\/\/www.groupeprofessionsante.fr\/en\/#website"},"datePublished":"2024-03-25T15:53:08+00:00","dateModified":"2025-04-28T14:55:06+00:00","breadcrumb":{"@id":"https:\/\/www.groupeprofessionsante.fr\/en\/our-commitment\/#breadcrumb"},"inLanguage":"en-US","potentialAction":[{"@type":"ReadAction","target":["https:\/\/www.groupeprofessionsante.fr\/en\/our-commitment\/"]}]},{"@type":"BreadcrumbList","@id":"https:\/\/www.groupeprofessionsante.fr\/en\/our-commitment\/#breadcrumb","itemListElement":[{"@type":"ListItem","position":1,"name":"Accueil","item":"https:\/\/www.groupeprofessionsante.fr\/en\/"},{"@type":"ListItem","position":2,"name":"Our commitment"}]},{"@type":"WebSite","@id":"https:\/\/www.groupeprofessionsante.fr\/en\/#website","url":"https:\/\/www.groupeprofessionsante.fr\/en\/","name":"Groupe Profession Sant\u00e9","description":"1er groupe M\u00e9dias et Services pour la sant\u00e9","publisher":{"@id":"https:\/\/www.groupeprofessionsante.fr\/en\/#organization"},"alternateName":"1er Groupe m\u00e9dias et services pour les professionnels de sant\u00e9","potentialAction":[{"@type":"SearchAction","target":{"@type":"EntryPoint","urlTemplate":"https:\/\/www.groupeprofessionsante.fr\/en\/?s={search_term_string}"},"query-input":"required name=search_term_string"}],"inLanguage":"en-US"},{"@type":"Organization","@id":"https:\/\/www.groupeprofessionsante.fr\/en\/#organization","name":"Groupe Profession Sant\u00e9","url":"https:\/\/www.groupeprofessionsante.fr\/en\/","logo":{"@type":"ImageObject","inLanguage":"en-US","@id":"https:\/\/www.groupeprofessionsante.fr\/en\/#\/schema\/logo\/image\/","url":"https:\/\/www.groupeprofessionsante.fr\/wp-content\/uploads\/2022\/05\/logo-GPS.svg","contentUrl":"https:\/\/www.groupeprofessionsante.fr\/wp-content\/uploads\/2022\/05\/logo-GPS.svg","width":208,"height":179,"caption":"Groupe Profession Sant\u00e9"},"image":{"@id":"https:\/\/www.groupeprofessionsante.fr\/en\/#\/schema\/logo\/image\/"},"sameAs":["https:\/\/www.linkedin.com\/company\/groupe-profession-sant\/?originalSubdomain=fr","https:\/\/twitter.com\/gpsante"]}]}},"_links":{"self":[{"href":"https:\/\/www.groupeprofessionsante.fr\/en\/wp-json\/wp\/v2\/pages\/6760"}],"collection":[{"href":"https:\/\/www.groupeprofessionsante.fr\/en\/wp-json\/wp\/v2\/pages"}],"about":[{"href":"https:\/\/www.groupeprofessionsante.fr\/en\/wp-json\/wp\/v2\/types\/page"}],"author":[{"embeddable":true,"href":"https:\/\/www.groupeprofessionsante.fr\/en\/wp-json\/wp\/v2\/users\/11"}],"replies":[{"embeddable":true,"href":"https:\/\/www.groupeprofessionsante.fr\/en\/wp-json\/wp\/v2\/comments?post=6760"}],"version-history":[{"count":10,"href":"https:\/\/www.groupeprofessionsante.fr\/en\/wp-json\/wp\/v2\/pages\/6760\/revisions"}],"predecessor-version":[{"id":7449,"href":"https:\/\/www.groupeprofessionsante.fr\/en\/wp-json\/wp\/v2\/pages\/6760\/revisions\/7449"}],"wp:attachment":[{"href":"https:\/\/www.groupeprofessionsante.fr\/en\/wp-json\/wp\/v2\/media?parent=6760"}],"curies":[{"name":"wp","href":"https:\/\/api.w.org\/{rel}","templated":true}]}}